{"id":8870,"date":"2019-10-01T16:39:29","date_gmt":"2019-10-01T14:39:29","guid":{"rendered":"http:\/\/www.sabesa.ch\/?page_id=8870"},"modified":"2022-10-03T15:13:41","modified_gmt":"2022-10-03T13:13:41","slug":"sondertransporte-schweiz","status":"publish","type":"page","link":"https:\/\/www.sabesa.ch\/de\/taetigkeit-ihr-partner-all-inclusive\/sondertransporte-schweiz\/","title":{"rendered":"Transporte"},"content":{"rendered":"[mk_page_section bg_image=&#8220;http:\/\/wordpress.p379882.webspaceconfig.de\/wp-content\/uploads\/2016\/11\/testata-trasporti-1.jpg&#8220; bg_color=&#8220;#1c1c1f&#8220; bg_position=&#8220;center center&#8220; bg_repeat=&#8220;no-repeat&#8220; bg_stretch=&#8220;true&#8220; enable_3d=&#8220;true&#8220; video_color_mask=&#8220;#000000&#8243; min_height=&#8220;500&#8243; js_vertical_centered=&#8220;true&#8220; sidebar=&#8220;sidebar-1&#8243;][vc_column][mk_fancy_title color=&#8220;#ffffff&#8220; size=&#8220;78&#8243; force_font_size=&#8220;true&#8220; size_tablet=&#8220;50&#8243; font_weight=&#8220;bold&#8220; txt_transform=&#8220;uppercase&#8220; letter_spacing=&#8220;10&#8243; margin_bottom=&#8220;0&#8243; font_family=&#8220;none&#8220; align=&#8220;center&#8220;]Transporte[\/mk_fancy_title][\/vc_column][\/mk_page_section][vc_row][vc_column][mk_padding_divider size=&#8220;60&#8243; visibility=&#8220;visible-sm&#8220;][mk_padding_divider size=&#8220;150&#8243; visibility=&#8220;hidden-sm&#8220;][\/vc_column][\/vc_row][mk_page_section section_layout=&#8220;right&#8220; el_class=&#8220;menu-hide&#8220; sidebar=&#8220;sidebar-1&#8243;][vc_column][vc_row_inner][vc_column_inner width=&#8220;1\/2&#8243;][vc_column_text disable_pattern=&#8220;false&#8220;]Wir f\u00fchren Transporte f\u00fcr die verschiedensten Frachten durch.<\/p>\n<p>Wir unterscheiden uns durch die Spezialisierung auf den Transport von Gegenst\u00e4nden mit beliebiger Gr\u00f6sse und beliebigem Gewicht. In der Tat f\u00fchren wir normalerweise Transporte mit Konvois durch, die eine L\u00e4nge von 40&nbsp;m und ein Gewicht von 100&nbsp;t \u00fcberschreiten.[\/vc_column_text][\/vc_column_inner][vc_column_inner width=&#8220;1\/2&#8243;][mk_custom_list]\n<ul>\n<li>Stege<\/li>\n<li>Br\u00fccken<\/li>\n<li>Bohrer und Fr\u00e4ser<\/li>\n<li>Maschinen verschiedener Art<\/li>\n<li>Vorgefertigte Elemente<\/li>\n<li>Rohre, Rollen und Profilteile aus Eisenstahl<\/li>\n<li>Hubschrauber<\/li>\n<li>Windr\u00e4der<\/li>\n<li>Papier \u2013 Karton \u2013 Plastik<\/li>\n<li>Zur Wiederverwertung bestimmte Materialien<\/li>\n<li>Zuschlagstoffe<\/li>\n<li>Beh\u00e4lter verschiedener Gr\u00f6sse<\/li>\n<li>M\u00fcllabfuhr f\u00fcr \u00f6ffentliche Einrichtungen<\/li>\n<li>&#8230; und vieles mehr<\/li>\n<\/ul>\n[\/mk_custom_list][\/vc_column_inner][\/vc_row_inner][mk_padding_divider size=&#8220;60&#8243; visibility=&#8220;visible-sm&#8220;][mk_padding_divider size=&#8220;150&#8243; visibility=&#8220;hidden-sm&#8220;][\/vc_column][\/mk_page_section][vc_row fullwidth=&#8220;true&#8220; fullwidth_content=&#8220;false&#8220; css=&#8220;.vc_custom_1478095203556{background-color: #eeeeee !important;}&#8220;][vc_column][mk_padding_divider size=&#8220;150&#8243; visibility=&#8220;hidden-sm&#8220;][mk_padding_divider size=&#8220;60&#8243; visibility=&#8220;visible-sm&#8220;][mk_fancy_title color=&#8220;#101010&#8243; size=&#8220;54&#8243; force_font_size=&#8220;true&#8220; size_tablet=&#8220;50&#8243; size_phone=&#8220;30&#8243; font_weight=&#8220;bold&#8220; font_family=&#8220;none&#8220; align=&#8220;center&#8220;]Fuhrpark[\/mk_fancy_title][mk_padding_divider size=&#8220;60&#8243;][vc_row_inner][vc_column_inner width=&#8220;1\/3&#8243;][mk_custom_box padding_vertical=&#8220;20&#8243; margin_bottom=&#8220;30&#8243; animation=&#8220;flip-x&#8220; bg_color=&#8220;#ffffff&#8220; background_hov_color_style=&#8220;image&#8220; bg_image_hov_effect=&#8220;grayscale&#8220;][mk_image src=&#8220;http:\/\/wordpress.p379882.webspaceconfig.de\/wp-content\/uploads\/2016\/11\/semirimorchi-modulari.jpg&#8220; image_size=&#8220;full&#8220; lightbox=&#8220;true&#8220; align=&#8220;center&#8220; margin_bottom=&#8220;0&#8243;][mk_fancy_title color=&#8220;#222222&#8243; size=&#8220;20&#8243; font_weight=&#8220;400&#8243; margin_top=&#8220;20&#8243; margin_bottom=&#8220;0&#8243; font_family=&#8220;none&#8220; align=&#8220;center&#8220;]Modulare Sattelauflieger[\/mk_fancy_title][vc_column_text el_class=&#8220;desc-veicoli&#8220;]Sattelauflieger, die dank der Ladefl\u00e4che mit zentralem Tr\u00e4ger, Seitentr\u00e4gern, die verbreitert und ausgezogen werden k\u00f6nnen, sowie der um 25&nbsp;cm abgesenkten Ladefl\u00e4che f\u00fcr alle Bed\u00fcrfnisse geeignet sind.[\/vc_column_text][\/mk_custom_box][\/vc_column_inner][vc_column_inner width=&#8220;1\/3&#8243;][mk_custom_box padding_vertical=&#8220;20&#8243; margin_bottom=&#8220;30&#8243; animation=&#8220;flip-x&#8220; bg_color=&#8220;#ffffff&#8220; background_hov_color_style=&#8220;image&#8220; bg_image_hov_effect=&#8220;grayscale&#8220;][mk_image src=&#8220;http:\/\/wordpress.p379882.webspaceconfig.de\/wp-content\/uploads\/2016\/11\/semirimorchi-speciali.jpg&#8220; image_size=&#8220;full&#8220; lightbox=&#8220;true&#8220; align=&#8220;center&#8220; margin_bottom=&#8220;0&#8243;][mk_fancy_title color=&#8220;#222222&#8243; size=&#8220;20&#8243; font_weight=&#8220;400&#8243; margin_top=&#8220;20&#8243; margin_bottom=&#8220;0&#8243; font_family=&#8220;none&#8220; align=&#8220;center&#8220;]Besondere Sattelauflieger[\/mk_fancy_title][vc_column_text el_class=&#8220;desc-veicoli&#8220;]Mit diesen Sattelaufliegern, die mit abgesenkter und ausziehbarer Ladefl\u00e4che f\u00fcr Sondertransporte ausgestattet sind, k\u00f6nnen Waren mit beliebiger Gr\u00f6sse und beliebigem Gewicht transportiert werden.[\/vc_column_text][\/mk_custom_box][\/vc_column_inner][vc_column_inner width=&#8220;1\/3&#8243;][mk_custom_box padding_vertical=&#8220;20&#8243; margin_bottom=&#8220;30&#8243; animation=&#8220;flip-x&#8220; bg_color=&#8220;#ffffff&#8220; background_hov_color_style=&#8220;image&#8220; bg_image_hov_effect=&#8220;grayscale&#8220;][mk_image src=&#8220;http:\/\/wordpress.p379882.webspaceconfig.de\/wp-content\/uploads\/2016\/11\/trasporti-speciali-1.jpg&#8220; image_size=&#8220;full&#8220; lightbox=&#8220;true&#8220; align=&#8220;center&#8220; margin_bottom=&#8220;0&#8243;][mk_fancy_title color=&#8220;#222222&#8243; size=&#8220;20&#8243; font_weight=&#8220;400&#8243; margin_top=&#8220;20&#8243; margin_bottom=&#8220;0&#8243; font_family=&#8220;none&#8220; align=&#8220;center&#8220;]Sattelauflieger mit ausziehbarer Ladefl\u00e4che[\/mk_fancy_title][vc_column_text el_class=&#8220;desc-veicoli&#8220;]Sattelauflieger mit ausziehbarer Ladefl\u00e4che f\u00fcr Sondertransporte, mit denen wir Waren beliebiger L\u00e4nge transportieren k\u00f6nnen.[\/vc_column_text][\/mk_custom_box][\/vc_column_inner][\/vc_row_inner][vc_row_inner][vc_column_inner width=&#8220;1\/3&#8243;][mk_custom_box padding_vertical=&#8220;20&#8243; margin_bottom=&#8220;30&#8243; animation=&#8220;flip-x&#8220; bg_color=&#8220;#ffffff&#8220; background_hov_color_style=&#8220;image&#8220; bg_image_hov_effect=&#8220;grayscale&#8220;][mk_image src=&#8220;http:\/\/wordpress.p379882.webspaceconfig.de\/wp-content\/uploads\/2016\/11\/pianale-normale-e1482490267477.jpg&#8220; image_size=&#8220;full&#8220; lightbox=&#8220;true&#8220; align=&#8220;center&#8220; margin_bottom=&#8220;0&#8243;][mk_fancy_title color=&#8220;#222222&#8243; size=&#8220;20&#8243; font_weight=&#8220;400&#8243; margin_top=&#8220;20&#8243; margin_bottom=&#8220;0&#8243; font_family=&#8220;none&#8220; align=&#8220;center&#8220;]Sattelauflieger mit normaler Ladefl\u00e4che[\/mk_fancy_title][vc_column_text el_class=&#8220;desc-veicoli&#8220;]Sattelauflieger, mit denen wir Waren verschiedener Art transportieren k\u00f6nnen.[\/vc_column_text][\/mk_custom_box][\/vc_column_inner][vc_column_inner width=&#8220;1\/3&#8243;][mk_custom_box padding_vertical=&#8220;20&#8243; margin_bottom=&#8220;30&#8243; animation=&#8220;flip-x&#8220; bg_color=&#8220;#ffffff&#8220; background_hov_color_style=&#8220;image&#8220; bg_image_hov_effect=&#8220;grayscale&#8220;][mk_image src=&#8220;http:\/\/wordpress.p379882.webspaceconfig.de\/wp-content\/uploads\/2016\/11\/semirimorchi-centinati.jpg&#8220; image_size=&#8220;full&#8220; lightbox=&#8220;true&#8220; align=&#8220;center&#8220; margin_bottom=&#8220;0&#8243;][mk_fancy_title color=&#8220;#222222&#8243; size=&#8220;20&#8243; font_weight=&#8220;400&#8243; margin_top=&#8220;20&#8243; margin_bottom=&#8220;0&#8243; font_family=&#8220;none&#8220; align=&#8220;center&#8220;]Sattelauflieger mit Planenaufbau[\/mk_fancy_title][vc_column_text el_class=&#8220;desc-veicoli&#8220;]Sattelauflieger mit Planenaufbau f\u00fcr den Transport von Materialien jeder Art.[\/vc_column_text][\/mk_custom_box][\/vc_column_inner][vc_column_inner width=&#8220;1\/3&#8243;][mk_custom_box padding_vertical=&#8220;20&#8243; margin_bottom=&#8220;30&#8243; animation=&#8220;flip-x&#8220; bg_color=&#8220;#ffffff&#8220; background_hov_color_style=&#8220;image&#8220; bg_image_hov_effect=&#8220;grayscale&#8220;][mk_image src=&#8220;http:\/\/wordpress.p379882.webspaceconfig.de\/wp-content\/uploads\/2016\/11\/semirimorchi-centinati-ribassati.jpg&#8220; image_size=&#8220;full&#8220; lightbox=&#8220;true&#8220; align=&#8220;center&#8220; margin_bottom=&#8220;0&#8243;][mk_fancy_title color=&#8220;#222222&#8243; size=&#8220;20&#8243; font_weight=&#8220;400&#8243; margin_top=&#8220;20&#8243; margin_bottom=&#8220;0&#8243; font_family=&#8220;none&#8220; align=&#8220;center&#8220;]Sattelauflieger mit abgesenktem Planenaufbau[\/mk_fancy_title][vc_column_text el_class=&#8220;desc-veicoli&#8220;]Sattelauflieger mit abgesenktem Planenaufbau, der angehoben und verbreitert werden kann.[\/vc_column_text][\/mk_custom_box][\/vc_column_inner][\/vc_row_inner][vc_row_inner][vc_column_inner width=&#8220;1\/3&#8243;][mk_custom_box padding_vertical=&#8220;20&#8243; margin_bottom=&#8220;30&#8243; animation=&#8220;flip-x&#8220; bg_color=&#8220;#ffffff&#8220; background_hov_color_style=&#8220;image&#8220; bg_image_hov_effect=&#8220;grayscale&#8220;][mk_image src=&#8220;http:\/\/wordpress.p379882.webspaceconfig.de\/wp-content\/uploads\/2016\/11\/walkingfloor-e1482490705332.jpg&#8220; image_size=&#8220;full&#8220; lightbox=&#8220;true&#8220; align=&#8220;center&#8220; margin_bottom=&#8220;0&#8243;][mk_fancy_title color=&#8220;#222222&#8243; size=&#8220;20&#8243; font_weight=&#8220;400&#8243; margin_top=&#8220;20&#8243; margin_bottom=&#8220;0&#8243; font_family=&#8220;none&#8220; align=&#8220;center&#8220;]Walkingfloor-Auflieger[\/mk_fancy_title][vc_column_text el_class=&#8220;desc-veicoli&#8220;]Sattelauflieger mit Planenaufbau und Selbstentladevorrichtung.[\/vc_column_text][\/mk_custom_box][\/vc_column_inner][vc_column_inner width=&#8220;1\/3&#8243;][mk_custom_box padding_vertical=&#8220;20&#8243; margin_bottom=&#8220;30&#8243; animation=&#8220;flip-x&#8220; bg_color=&#8220;#ffffff&#8220; background_hov_color_style=&#8220;image&#8220; bg_image_hov_effect=&#8220;grayscale&#8220;][mk_image src=&#8220;http:\/\/wordpress.p379882.webspaceconfig.de\/wp-content\/uploads\/2016\/11\/semirimorchi-cisterna.jpg&#8220; image_size=&#8220;full&#8220; lightbox=&#8220;true&#8220; align=&#8220;center&#8220; margin_bottom=&#8220;0&#8243;][mk_fancy_title color=&#8220;#222222&#8243; size=&#8220;20&#8243; font_weight=&#8220;400&#8243; margin_top=&#8220;20&#8243; margin_bottom=&#8220;0&#8243; font_family=&#8220;none&#8220; align=&#8220;center&#8220;]Tankauflieger[\/mk_fancy_title][vc_column_text el_class=&#8220;desc-veicoli&#8220;]Sattelauflieger, die mit einem Tank von bis zu 65&nbsp;m\u00b3 f\u00fcr den Transport von nicht abgef\u00fcllten Waren ausgestattet sind.[\/vc_column_text][\/mk_custom_box][\/vc_column_inner][vc_column_inner width=&#8220;1\/3&#8243;][mk_custom_box padding_vertical=&#8220;20&#8243; margin_bottom=&#8220;30&#8243; animation=&#8220;flip-x&#8220; bg_color=&#8220;#ffffff&#8220; background_hov_color_style=&#8220;image&#8220; bg_image_hov_effect=&#8220;grayscale&#8220;][mk_image src=&#8220;http:\/\/wordpress.p379882.webspaceconfig.de\/wp-content\/uploads\/2016\/11\/semirimorchi-con-ribaltabile.jpg&#8220; image_size=&#8220;full&#8220; lightbox=&#8220;true&#8220; align=&#8220;center&#8220; margin_bottom=&#8220;0&#8243;][mk_fancy_title color=&#8220;#222222&#8243; size=&#8220;20&#8243; font_weight=&#8220;400&#8243; margin_top=&#8220;20&#8243; margin_bottom=&#8220;0&#8243; font_family=&#8220;none&#8220; align=&#8220;center&#8220;]Kippauflieger[\/mk_fancy_title][vc_column_text el_class=&#8220;desc-veicoli&#8220;]Sattelauflieger, die mit Wannen mit einem Fassungsverm\u00f6gen von bis zu 50 m\u00b3 ausgestattet sind.[\/vc_column_text][\/mk_custom_box][\/vc_column_inner][\/vc_row_inner][vc_row_inner][vc_column_inner width=&#8220;1\/3&#8243;][mk_custom_box padding_vertical=&#8220;20&#8243; margin_bottom=&#8220;30&#8243; animation=&#8220;flip-x&#8220; bg_color=&#8220;#ffffff&#8220; background_hov_color_style=&#8220;image&#8220; bg_image_hov_effect=&#8220;grayscale&#8220;][mk_image src=&#8220;http:\/\/wordpress.p379882.webspaceconfig.de\/wp-content\/uploads\/2016\/11\/trasporto-prefabbricati.jpg&#8220; image_size=&#8220;full&#8220; lightbox=&#8220;true&#8220; align=&#8220;center&#8220; margin_bottom=&#8220;0&#8243;][mk_fancy_title color=&#8220;#222222&#8243; size=&#8220;20&#8243; font_weight=&#8220;400&#8243; margin_top=&#8220;20&#8243; margin_bottom=&#8220;0&#8243; font_family=&#8220;none&#8220; align=&#8220;center&#8220;]Sattelauflieger f\u00fcr den Transport von vorgefertigten Elementen[\/mk_fancy_title][vc_column_text el_class=&#8220;desc-veicoli&#8220;]Sattelauflieger, die f\u00fcr den Transport von vorgefertigten Elementen jeder Gr\u00f6sse bestimmt sind.[\/vc_column_text][\/mk_custom_box][\/vc_column_inner][vc_column_inner width=&#8220;1\/3&#8243;][mk_custom_box padding_vertical=&#8220;20&#8243; margin_bottom=&#8220;30&#8243; animation=&#8220;flip-x&#8220; bg_color=&#8220;#ffffff&#8220; background_hov_color_style=&#8220;image&#8220; bg_image_hov_effect=&#8220;grayscale&#8220;][mk_image src=&#8220;http:\/\/wordpress.p379882.webspaceconfig.de\/wp-content\/uploads\/2016\/11\/noleggio-contenitori.jpg&#8220; image_size=&#8220;full&#8220; lightbox=&#8220;true&#8220; align=&#8220;center&#8220; margin_bottom=&#8220;0&#8243;][mk_fancy_title color=&#8220;#222222&#8243; size=&#8220;20&#8243; font_weight=&#8220;400&#8243; margin_top=&#8220;20&#8243; margin_bottom=&#8220;0&#8243; font_family=&#8220;none&#8220; align=&#8220;center&#8220;]Vermietung von Absetzcontainern und Welaki-Mulden[\/mk_fancy_title][vc_column_text el_class=&#8220;desc-veicoli&#8220;]Wir verf\u00fcgen \u00fcber Absetzcontainer von 12&nbsp;m\u00b3 bis 40&nbsp;m\u00b3 sowie \u00fcber Welaki-Mulden von 4&nbsp;m\u00b3 bis 15&nbsp;m\u00b3 f\u00fcr den Transport von Materialien an die entsprechenden Entsorgungsstellen.[\/vc_column_text][\/mk_custom_box][\/vc_column_inner][vc_column_inner width=&#8220;1\/3&#8243;][mk_custom_box padding_vertical=&#8220;20&#8243; margin_bottom=&#8220;30&#8243; animation=&#8220;flip-x&#8220; bg_color=&#8220;#ffffff&#8220; background_hov_color_style=&#8220;image&#8220; bg_image_hov_effect=&#8220;grayscale&#8220;][mk_image src=&#8220;http:\/\/wordpress.p379882.webspaceconfig.de\/wp-content\/uploads\/2016\/11\/servizio-neve-e1482831746217.jpg&#8220; image_size=&#8220;full&#8220; lightbox=&#8220;true&#8220; align=&#8220;center&#8220; margin_bottom=&#8220;0&#8243;][mk_fancy_title color=&#8220;#222222&#8243; size=&#8220;20&#8243; font_weight=&#8220;400&#8243; margin_top=&#8220;20&#8243; margin_bottom=&#8220;0&#8243; font_family=&#8220;none&#8220; align=&#8220;center&#8220;]Schneer\u00e4umdienst[\/mk_fancy_title][vc_column_text el_class=&#8220;desc-veicoli&#8220;]Wir verf\u00fcgen \u00fcber verschiedene Ger\u00e4te, Fahrzeuge und Fr\u00e4sen f\u00fcr die Schneer\u00e4umung.[\/vc_column_text][\/mk_custom_box][\/vc_column_inner][\/vc_row_inner][vc_row_inner][vc_column_inner width=&#8220;1\/3&#8243;][mk_custom_box padding_vertical=&#8220;20&#8243; margin_bottom=&#8220;30&#8243; animation=&#8220;flip-x&#8220; bg_color=&#8220;#ffffff&#8220; background_hov_color_style=&#8220;image&#8220; bg_image_hov_effect=&#8220;grayscale&#8220;][mk_image src=&#8220;http:\/\/wordpress.p379882.webspaceconfig.de\/wp-content\/uploads\/2016\/11\/raccolta-rifiuti-e1482831903215.jpg&#8220; image_size=&#8220;full&#8220; lightbox=&#8220;true&#8220; align=&#8220;center&#8220; margin_bottom=&#8220;0&#8243;][mk_fancy_title color=&#8220;#222222&#8243; size=&#8220;20&#8243; font_weight=&#8220;400&#8243; margin_top=&#8220;20&#8243; margin_bottom=&#8220;0&#8243; font_family=&#8220;none&#8220; align=&#8220;center&#8220;]M\u00fcllabfuhrdienst[\/mk_fancy_title][vc_column_text el_class=&#8220;desc-veicoli&#8220;]Wir verf\u00fcgen \u00fcber verschiedene Fahrzeuge, die f\u00fcr den M\u00fcllabfuhrdienst bestimmt sind.[\/vc_column_text][\/mk_custom_box][\/vc_column_inner][vc_column_inner width=&#8220;1\/3&#8243;][\/vc_column_inner][vc_column_inner width=&#8220;1\/3&#8243;][\/vc_column_inner][\/vc_row_inner][mk_padding_divider size=&#8220;80&#8243; visibility=&#8220;hidden-sm&#8220;][mk_padding_divider size=&#8220;60&#8243; visibility=&#8220;visible-sm&#8220;][mk_padding_divider size=&#8220;150&#8243; visibility=&#8220;hidden-sm&#8220;][vc_row_inner visibility=&#8220;visible-sm&#8220;][vc_column_inner][mk_custom_sidebar el_class=&#8220;menu-show&#8220; sidebar=&#8220;sidebar-1&#8243;][\/vc_column_inner][\/vc_row_inner][\/vc_column][\/vc_row][mk_page_section bg_color=&#8220;#101010&#8243; has_top_shape_divider=&#8220;true&#8220; top_shape_size=&#8220;small&#8220; top_shape_color=&#8220;#eeeeee&#8220; top_shape_bg_color=&#8220;#101010&#8243; bottom_shape_color=&#8220;#ffffff&#8220; sidebar=&#8220;sidebar-1&#8243;][vc_column][mk_padding_divider size=&#8220;60&#8243; visibility=&#8220;visible-sm&#8220;][mk_padding_divider size=&#8220;60&#8243; visibility=&#8220;hidden-sm&#8220;][mk_fancy_title color=&#8220;#fbcf00&#8243; size=&#8220;54&#8243; force_font_size=&#8220;true&#8220; size_tablet=&#8220;50&#8243; size_phone=&#8220;30&#8243; font_weight=&#8220;bold&#8220; margin_bottom=&#8220;0&#8243; font_family=&#8220;none&#8220; align=&#8220;center&#8220;]Vermietung von Fahrzeugen[\/mk_fancy_title][mk_fancy_title color=&#8220;#fbcf00&#8243; size=&#8220;20&#8243; font_family=&#8220;none&#8220; align=&#8220;center&#8220;]Was ben\u00f6tigen Sie? Fordern Sie einen Kostenvoranschlag f\u00fcr die Vermietung an.[\/mk_fancy_title][mk_button dimension=&#8220;outline&#8220; corner_style=&#8220;rounded&#8220; size=&#8220;large&#8220; url=&#8220;\/de\/kontakte\/#contatti&#8220; align=&#8220;center&#8220; margin_top=&#8220;15&#8243; margin_right=&#8220;0&#8243; outline_skin=&#8220;custom&#8220; outline_active_color=&#8220;#fbcf00&#8243; outline_active_text_color=&#8220;#fbcf00&#8243; outline_hover_color=&#8220;#101010&#8243;]Fordern Sie Informationen an.[\/mk_button][mk_padding_divider size=&#8220;150&#8243; visibility=&#8220;hidden-sm&#8220;][vc_column_text][\/vc_column_text][\/vc_column][\/mk_page_section]\n","protected":false},"excerpt":{"rendered":"<p>[mk_page_section bg_image=&#8220;http:\/\/wordpress.p379882.webspaceconfig.de\/wp-content\/uploads\/2016\/11\/testata-trasporti-1.jpg&#8220; bg_color=&#8220;#1c1c1f&#8220; bg_position=&#8220;center center&#8220; bg_repeat=&#8220;no-repeat&#8220; bg_stretch=&#8220;true&#8220; enable_3d=&#8220;true&#8220; video_color_mask=&#8220;#000000&#8243; min_height=&#8220;500&#8243; js_vertical_centered=&#8220;true&#8220; sidebar=&#8220;sidebar-1&#8243;][vc_column][mk_fancy_title color=&#8220;#ffffff&#8220; size=&#8220;78&#8243; force_font_size=&#8220;true&#8220; size_tablet=&#8220;50&#8243; font_weight=&#8220;bold&#8220; txt_transform=&#8220;uppercase&#8220; letter_spacing=&#8220;10&#8243; margin_bottom=&#8220;0&#8243; font_family=&#8220;none&#8220; align=&#8220;center&#8220;]Transporte[\/mk_fancy_title][\/vc_column][\/mk_page_section][vc_row][vc_column][mk_padding_divider size=&#8220;60&#8243; visibility=&#8220;visible-sm&#8220;][mk_padding_divider size=&#8220;150&#8243; visibility=&#8220;hidden-sm&#8220;][\/vc_column][\/vc_row][mk_page_section section_layout=&#8220;right&#8220; el_class=&#8220;menu-hide&#8220; sidebar=&#8220;sidebar-1&#8243;][vc_column][vc_row_inner][vc_column_inner width=&#8220;1\/2&#8243;][vc_column_text disable_pattern=&#8220;false&#8220;]Wir f\u00fchren Transporte f\u00fcr die verschiedensten Frachten durch. Wir unterscheiden uns durch die Spezialisierung auf den Transport von Gegenst\u00e4nden mit beliebiger Gr\u00f6sse und beliebigem Gewicht. [&hellip;]<\/p>\n","protected":false},"author":1,"featured_media":0,"parent":8593,"menu_order":0,"comment_status":"closed","ping_status":"closed","template":"","meta":[],"yoast_head":"<!-- This site is optimized with the Yoast SEO plugin v19.9 - https:\/\/yoast.com\/wordpress\/plugins\/seo\/ -->\n<title>SABESA SA Sondertransporten - Schweiz<\/title>\n<meta name=\"description\" content=\"F\u00fcr den Fall von Sondertransporten k\u00f6nnen wir die Bewilligungen f\u00fcr Sondergenehmigungen beantragen und Sie durch unseren technischen Begleitdienst mit qualifiziertem Personal unterst\u00fctzen. Z\u00fcrich, Aarau, Lenzburg un die ganze Schweiz.\" \/>\n<meta name=\"robots\" content=\"index, follow, max-snippet:-1, max-image-preview:large, max-video-preview:-1\" \/>\n<link rel=\"canonical\" href=\"https:\/\/www.sabesa.ch\/de\/taetigkeit-ihr-partner-all-inclusive\/sondertransporte-schweiz\/\" \/>\n<meta property=\"og:locale\" content=\"de_DE\" \/>\n<meta property=\"og:type\" content=\"article\" \/>\n<meta property=\"og:title\" content=\"SABESA SA Sondertransporten - Schweiz\" \/>\n<meta property=\"og:description\" content=\"F\u00fcr den Fall von Sondertransporten k\u00f6nnen wir die Bewilligungen f\u00fcr Sondergenehmigungen beantragen und Sie durch unseren technischen Begleitdienst mit qualifiziertem Personal unterst\u00fctzen. Z\u00fcrich, Aarau, Lenzburg un die ganze Schweiz.\" \/>\n<meta property=\"og:url\" content=\"https:\/\/www.sabesa.ch\/de\/taetigkeit-ihr-partner-all-inclusive\/sondertransporte-schweiz\/\" \/>\n<meta property=\"og:site_name\" content=\"Sabesa SA\" \/>\n<meta property=\"article:publisher\" content=\"https:\/\/www.facebook.com\/sabesa.SA\/?fref=ts\" \/>\n<meta property=\"article:modified_time\" content=\"2022-10-03T13:13:41+00:00\" \/>\n<meta name=\"twitter:card\" content=\"summary_large_image\" \/>\n<meta name=\"twitter:label1\" content=\"Gesch\u00e4tzte Lesezeit\" \/>\n\t<meta name=\"twitter:data1\" content=\"4\u00a0Minuten\" \/>\n<script type=\"application\/ld+json\" class=\"yoast-schema-graph\">{\"@context\":\"https:\/\/schema.org\",\"@graph\":[{\"@type\":\"WebPage\",\"@id\":\"https:\/\/www.sabesa.ch\/de\/taetigkeit-ihr-partner-all-inclusive\/sondertransporte-schweiz\/\",\"url\":\"https:\/\/www.sabesa.ch\/de\/taetigkeit-ihr-partner-all-inclusive\/sondertransporte-schweiz\/\",\"name\":\"SABESA SA Sondertransporten - Schweiz\",\"isPartOf\":{\"@id\":\"https:\/\/www.sabesa.ch\/#website\"},\"datePublished\":\"2019-10-01T14:39:29+00:00\",\"dateModified\":\"2022-10-03T13:13:41+00:00\",\"description\":\"F\u00fcr den Fall von Sondertransporten k\u00f6nnen wir die Bewilligungen f\u00fcr Sondergenehmigungen beantragen und Sie durch unseren technischen Begleitdienst mit qualifiziertem Personal unterst\u00fctzen. Z\u00fcrich, Aarau, Lenzburg un die ganze Schweiz.\",\"breadcrumb\":{\"@id\":\"https:\/\/www.sabesa.ch\/de\/taetigkeit-ihr-partner-all-inclusive\/sondertransporte-schweiz\/#breadcrumb\"},\"inLanguage\":\"de\",\"potentialAction\":[{\"@type\":\"ReadAction\",\"target\":[\"https:\/\/www.sabesa.ch\/de\/taetigkeit-ihr-partner-all-inclusive\/sondertransporte-schweiz\/\"]}]},{\"@type\":\"BreadcrumbList\",\"@id\":\"https:\/\/www.sabesa.ch\/de\/taetigkeit-ihr-partner-all-inclusive\/sondertransporte-schweiz\/#breadcrumb\",\"itemListElement\":[{\"@type\":\"ListItem\",\"position\":1,\"name\":\"Home\",\"item\":\"https:\/\/www.sabesa.ch\/de\/\"},{\"@type\":\"ListItem\",\"position\":2,\"name\":\"Taetigkeit\",\"item\":\"https:\/\/www.sabesa.ch\/de\/taetigkeit-ihr-partner-all-inclusive\/\"},{\"@type\":\"ListItem\",\"position\":3,\"name\":\"Transporte\"}]},{\"@type\":\"WebSite\",\"@id\":\"https:\/\/www.sabesa.ch\/#website\",\"url\":\"https:\/\/www.sabesa.ch\/\",\"name\":\"Sabesa SA\",\"description\":\"Trasportiamo soluzioni - trasporti eccezionali Ticino\",\"publisher\":{\"@id\":\"https:\/\/www.sabesa.ch\/#organization\"},\"potentialAction\":[{\"@type\":\"SearchAction\",\"target\":{\"@type\":\"EntryPoint\",\"urlTemplate\":\"https:\/\/www.sabesa.ch\/?s={search_term_string}\"},\"query-input\":\"required name=search_term_string\"}],\"inLanguage\":\"de\"},{\"@type\":\"Organization\",\"@id\":\"https:\/\/www.sabesa.ch\/#organization\",\"name\":\"Sabesa SA\",\"alternateName\":\"Trasporti eccezionali, noleggio autogru e navicelle\",\"url\":\"https:\/\/www.sabesa.ch\/\",\"logo\":{\"@type\":\"ImageObject\",\"inLanguage\":\"de\",\"@id\":\"https:\/\/www.sabesa.ch\/#\/schema\/logo\/image\/\",\"url\":\"https:\/\/www.sabesa.ch\/wp-content\/uploads\/2016\/10\/logo-sabesa-small.png\",\"contentUrl\":\"https:\/\/www.sabesa.ch\/wp-content\/uploads\/2016\/10\/logo-sabesa-small.png\",\"width\":137,\"height\":58,\"caption\":\"Sabesa SA\"},\"image\":{\"@id\":\"https:\/\/www.sabesa.ch\/#\/schema\/logo\/image\/\"},\"sameAs\":[\"https:\/\/www.youtube.com\/channel\/UCq9eXNGI3lx4qvs01rUZAwQ\",\"https:\/\/www.facebook.com\/sabesa.SA\/?fref=ts\"]}]}<\/script>\n<!-- \/ Yoast SEO plugin. -->","yoast_head_json":{"title":"SABESA SA Sondertransporten - Schweiz","description":"F\u00fcr den Fall von Sondertransporten k\u00f6nnen wir die Bewilligungen f\u00fcr Sondergenehmigungen beantragen und Sie durch unseren technischen Begleitdienst mit qualifiziertem Personal unterst\u00fctzen. Z\u00fcrich, Aarau, Lenzburg un die ganze Schweiz.","robots":{"index":"index","follow":"follow","max-snippet":"max-snippet:-1","max-image-preview":"max-image-preview:large","max-video-preview":"max-video-preview:-1"},"canonical":"https:\/\/www.sabesa.ch\/de\/taetigkeit-ihr-partner-all-inclusive\/sondertransporte-schweiz\/","og_locale":"de_DE","og_type":"article","og_title":"SABESA SA Sondertransporten - Schweiz","og_description":"F\u00fcr den Fall von Sondertransporten k\u00f6nnen wir die Bewilligungen f\u00fcr Sondergenehmigungen beantragen und Sie durch unseren technischen Begleitdienst mit qualifiziertem Personal unterst\u00fctzen. Z\u00fcrich, Aarau, Lenzburg un die ganze Schweiz.","og_url":"https:\/\/www.sabesa.ch\/de\/taetigkeit-ihr-partner-all-inclusive\/sondertransporte-schweiz\/","og_site_name":"Sabesa SA","article_publisher":"https:\/\/www.facebook.com\/sabesa.SA\/?fref=ts","article_modified_time":"2022-10-03T13:13:41+00:00","twitter_card":"summary_large_image","twitter_misc":{"Gesch\u00e4tzte Lesezeit":"4\u00a0Minuten"},"schema":{"@context":"https:\/\/schema.org","@graph":[{"@type":"WebPage","@id":"https:\/\/www.sabesa.ch\/de\/taetigkeit-ihr-partner-all-inclusive\/sondertransporte-schweiz\/","url":"https:\/\/www.sabesa.ch\/de\/taetigkeit-ihr-partner-all-inclusive\/sondertransporte-schweiz\/","name":"SABESA SA Sondertransporten - Schweiz","isPartOf":{"@id":"https:\/\/www.sabesa.ch\/#website"},"datePublished":"2019-10-01T14:39:29+00:00","dateModified":"2022-10-03T13:13:41+00:00","description":"F\u00fcr den Fall von Sondertransporten k\u00f6nnen wir die Bewilligungen f\u00fcr Sondergenehmigungen beantragen und Sie durch unseren technischen Begleitdienst mit qualifiziertem Personal unterst\u00fctzen. Z\u00fcrich, Aarau, Lenzburg un die ganze Schweiz.","breadcrumb":{"@id":"https:\/\/www.sabesa.ch\/de\/taetigkeit-ihr-partner-all-inclusive\/sondertransporte-schweiz\/#breadcrumb"},"inLanguage":"de","potentialAction":[{"@type":"ReadAction","target":["https:\/\/www.sabesa.ch\/de\/taetigkeit-ihr-partner-all-inclusive\/sondertransporte-schweiz\/"]}]},{"@type":"BreadcrumbList","@id":"https:\/\/www.sabesa.ch\/de\/taetigkeit-ihr-partner-all-inclusive\/sondertransporte-schweiz\/#breadcrumb","itemListElement":[{"@type":"ListItem","position":1,"name":"Home","item":"https:\/\/www.sabesa.ch\/de\/"},{"@type":"ListItem","position":2,"name":"Taetigkeit","item":"https:\/\/www.sabesa.ch\/de\/taetigkeit-ihr-partner-all-inclusive\/"},{"@type":"ListItem","position":3,"name":"Transporte"}]},{"@type":"WebSite","@id":"https:\/\/www.sabesa.ch\/#website","url":"https:\/\/www.sabesa.ch\/","name":"Sabesa SA","description":"Trasportiamo soluzioni - trasporti eccezionali Ticino","publisher":{"@id":"https:\/\/www.sabesa.ch\/#organization"},"potentialAction":[{"@type":"SearchAction","target":{"@type":"EntryPoint","urlTemplate":"https:\/\/www.sabesa.ch\/?s={search_term_string}"},"query-input":"required name=search_term_string"}],"inLanguage":"de"},{"@type":"Organization","@id":"https:\/\/www.sabesa.ch\/#organization","name":"Sabesa SA","alternateName":"Trasporti eccezionali, noleggio autogru e navicelle","url":"https:\/\/www.sabesa.ch\/","logo":{"@type":"ImageObject","inLanguage":"de","@id":"https:\/\/www.sabesa.ch\/#\/schema\/logo\/image\/","url":"https:\/\/www.sabesa.ch\/wp-content\/uploads\/2016\/10\/logo-sabesa-small.png","contentUrl":"https:\/\/www.sabesa.ch\/wp-content\/uploads\/2016\/10\/logo-sabesa-small.png","width":137,"height":58,"caption":"Sabesa SA"},"image":{"@id":"https:\/\/www.sabesa.ch\/#\/schema\/logo\/image\/"},"sameAs":["https:\/\/www.youtube.com\/channel\/UCq9eXNGI3lx4qvs01rUZAwQ","https:\/\/www.facebook.com\/sabesa.SA\/?fref=ts"]}]}},"_links":{"self":[{"href":"https:\/\/www.sabesa.ch\/de\/wp-json\/wp\/v2\/pages\/8870"}],"collection":[{"href":"https:\/\/www.sabesa.ch\/de\/wp-json\/wp\/v2\/pages"}],"about":[{"href":"https:\/\/www.sabesa.ch\/de\/wp-json\/wp\/v2\/types\/page"}],"author":[{"embeddable":true,"href":"https:\/\/www.sabesa.ch\/de\/wp-json\/wp\/v2\/users\/1"}],"replies":[{"embeddable":true,"href":"https:\/\/www.sabesa.ch\/de\/wp-json\/wp\/v2\/comments?post=8870"}],"version-history":[{"count":3,"href":"https:\/\/www.sabesa.ch\/de\/wp-json\/wp\/v2\/pages\/8870\/revisions"}],"predecessor-version":[{"id":8996,"href":"https:\/\/www.sabesa.ch\/de\/wp-json\/wp\/v2\/pages\/8870\/revisions\/8996"}],"up":[{"embeddable":true,"href":"https:\/\/www.sabesa.ch\/de\/wp-json\/wp\/v2\/pages\/8593"}],"wp:attachment":[{"href":"https:\/\/www.sabesa.ch\/de\/wp-json\/wp\/v2\/media?parent=8870"}],"curies":[{"name":"wp","href":"https:\/\/api.w.org\/{rel}","templated":true}]}}