{"id":8876,"date":"2019-10-02T09:41:36","date_gmt":"2019-10-02T07:41:36","guid":{"rendered":"http:\/\/www.sabesa.ch\/?page_id=8876"},"modified":"2022-10-03T15:16:18","modified_gmt":"2022-10-03T13:16:18","slug":"vermietung-von-arbeitsbuehnen-schweiz","status":"publish","type":"page","link":"https:\/\/www.sabesa.ch\/de\/taetigkeit-ihr-partner-all-inclusive\/vermietung-von-arbeitsbuehnen-schweiz\/","title":{"rendered":"Vermietung von Arbeitsb\u00fchnen"},"content":{"rendered":"[mk_page_section bg_image=&#8220;http:\/\/wordpress.p379882.webspaceconfig.de\/wp-content\/uploads\/2016\/11\/testata-navicelle.jpg&#8220; bg_color=&#8220;#1c1c1f&#8220; bg_position=&#8220;center center&#8220; bg_repeat=&#8220;no-repeat&#8220; bg_stretch=&#8220;true&#8220; enable_3d=&#8220;true&#8220; video_color_mask=&#8220;#000000&#8243; min_height=&#8220;500&#8243; js_vertical_centered=&#8220;true&#8220; sidebar=&#8220;sidebar-1&#8243;][vc_column][mk_fancy_title color=&#8220;#ffffff&#8220; size=&#8220;78&#8243; force_font_size=&#8220;true&#8220; size_tablet=&#8220;50&#8243; font_weight=&#8220;bold&#8220; txt_transform=&#8220;uppercase&#8220; letter_spacing=&#8220;10&#8243; margin_bottom=&#8220;0&#8243; font_family=&#8220;none&#8220; align=&#8220;center&#8220;]Vermietung von Arbeitsb\u00fchnen[\/mk_fancy_title][\/vc_column][\/mk_page_section][vc_row][vc_column][mk_padding_divider size=&#8220;60&#8243; visibility=&#8220;visible-sm&#8220;][mk_padding_divider size=&#8220;150&#8243; visibility=&#8220;hidden-sm&#8220;][\/vc_column][\/vc_row][mk_page_section section_layout=&#8220;right&#8220; el_class=&#8220;menu-hide&#8220; sidebar=&#8220;sidebar-1&#8243;][vc_column][vc_row_inner][vc_column_inner][vc_column_text disable_pattern=&#8220;false&#8220;]Unsere Arbeitsb\u00fchnen k\u00f6nnen sowohl im Innenbereich als auch im Aussenbereich eingesetzt werden, da wir \u00fcber verschiedene Arten verf\u00fcgen, die sowohl elektrisch als auch mit Dieselkraftstoff betrieben werden.<\/p>\n<p>Dies erm\u00f6glicht es uns, dem Kunden das Modell zur Verf\u00fcgung zu stellen, das f\u00fcr die Art der Arbeit, die er durchf\u00fchren muss, am besten geeignet ist.[\/vc_column_text][\/vc_column_inner][\/vc_row_inner][mk_padding_divider size=&#8220;60&#8243; visibility=&#8220;visible-sm&#8220;][mk_padding_divider size=&#8220;150&#8243; visibility=&#8220;hidden-sm&#8220;][\/vc_column][\/mk_page_section][vc_row fullwidth=&#8220;true&#8220; fullwidth_content=&#8220;false&#8220; css=&#8220;.vc_custom_1478095203556{background-color: #eeeeee !important;}&#8220;][vc_column][mk_padding_divider size=&#8220;150&#8243; visibility=&#8220;hidden-sm&#8220;][mk_padding_divider size=&#8220;60&#8243; visibility=&#8220;visible-sm&#8220;][mk_fancy_title color=&#8220;#101010&#8243; size=&#8220;54&#8243; force_font_size=&#8220;true&#8220; size_tablet=&#8220;50&#8243; size_phone=&#8220;30&#8243; font_weight=&#8220;bold&#8220; font_family=&#8220;none&#8220; align=&#8220;center&#8220;]Fuhrpark[\/mk_fancy_title][mk_padding_divider size=&#8220;60&#8243;][vc_row_inner][vc_column_inner width=&#8220;1\/3&#8243;][mk_custom_box padding_vertical=&#8220;20&#8243; margin_bottom=&#8220;30&#8243; animation=&#8220;flip-x&#8220; bg_color=&#8220;#ffffff&#8220; background_hov_color_style=&#8220;image&#8220; bg_image_hov_effect=&#8220;grayscale&#8220;][mk_image src=&#8220;http:\/\/wordpress.p379882.webspaceconfig.de\/wp-content\/uploads\/2016\/11\/navicelle-forbice.png&#8220; image_size=&#8220;full&#8220; lightbox=&#8220;true&#8220; align=&#8220;center&#8220; margin_bottom=&#8220;0&#8243;][mk_fancy_title color=&#8220;#222222&#8243; size=&#8220;20&#8243; font_weight=&#8220;400&#8243; margin_top=&#8220;20&#8243; margin_bottom=&#8220;0&#8243; font_family=&#8220;none&#8220; align=&#8220;center&#8220;]Scherensystem[\/mk_fancy_title][vc_column_text el_class=&#8220;desc-veicoli&#8220;]Diese Arbeitsb\u00fchnen erm\u00f6glichen die Durchf\u00fchrung von Arbeiten in einer H\u00f6he von 7&nbsp;m bis h\u00f6chstens 26&nbsp;m.[\/vc_column_text][mk_button dimension=&#8220;outline&#8220; corner_style=&#8220;rounded&#8220; size=&#8220;medium&#8220; url=&#8220;\/wp-content\/uploads\/2016\/12\/03_01_navicelleaforbice.pdf&#8220; target=&#8220;_blank&#8220; nofollow=&#8220;true&#8220; align=&#8220;center&#8220;]Technisches Datenblatt[\/mk_button][\/mk_custom_box][\/vc_column_inner][vc_column_inner width=&#8220;1\/3&#8243;][mk_custom_box padding_vertical=&#8220;20&#8243; margin_bottom=&#8220;30&#8243; animation=&#8220;flip-x&#8220; bg_color=&#8220;#ffffff&#8220; background_hov_color_style=&#8220;image&#8220; bg_image_hov_effect=&#8220;grayscale&#8220;][mk_image src=&#8220;http:\/\/wordpress.p379882.webspaceconfig.de\/wp-content\/uploads\/2016\/11\/navicelle-colonna-telescopica.png&#8220; image_size=&#8220;full&#8220; lightbox=&#8220;true&#8220; align=&#8220;center&#8220; margin_bottom=&#8220;0&#8243;][mk_fancy_title color=&#8220;#222222&#8243; size=&#8220;20&#8243; font_weight=&#8220;400&#8243; margin_top=&#8220;20&#8243; margin_bottom=&#8220;0&#8243; font_family=&#8220;none&#8220; align=&#8220;center&#8220;]Arbeitsb\u00fchne mit Teleskopmast[\/mk_fancy_title][vc_column_text el_class=&#8220;desc-veicoli&#8220;]Diese Arbeitsb\u00fchnen erm\u00f6glichen die Durchf\u00fchrung von Arbeiten in einer H\u00f6he von 10 m bis h\u00f6chstens 12 m.[\/vc_column_text][mk_button dimension=&#8220;outline&#8220; corner_style=&#8220;rounded&#8220; size=&#8220;medium&#8220; url=&#8220;\/wp-content\/uploads\/2016\/12\/03_02_navicelleacolonnatelescopica.pdf&#8220; target=&#8220;_blank&#8220; nofollow=&#8220;true&#8220; align=&#8220;center&#8220;]Technisches Datenblatt[\/mk_button][\/mk_custom_box][\/vc_column_inner][vc_column_inner width=&#8220;1\/3&#8243;][mk_custom_box padding_vertical=&#8220;20&#8243; margin_bottom=&#8220;30&#8243; animation=&#8220;flip-x&#8220; bg_color=&#8220;#ffffff&#8220; background_hov_color_style=&#8220;image&#8220; bg_image_hov_effect=&#8220;grayscale&#8220;][mk_image src=&#8220;http:\/\/wordpress.p379882.webspaceconfig.de\/wp-content\/uploads\/2016\/11\/navicelle-braccio.png&#8220; image_size=&#8220;full&#8220; lightbox=&#8220;true&#8220; align=&#8220;center&#8220; margin_bottom=&#8220;0&#8243;][mk_fancy_title color=&#8220;#222222&#8243; size=&#8220;20&#8243; font_weight=&#8220;400&#8243; margin_top=&#8220;20&#8243; margin_bottom=&#8220;0&#8243; font_family=&#8220;none&#8220; align=&#8220;center&#8220;]Arbeitsb\u00fchne mit Teleskopausleger[\/mk_fancy_title][vc_column_text el_class=&#8220;desc-veicoli&#8220;]Diese Arbeitsb\u00fchnen erm\u00f6glichen die Durchf\u00fchrung von Arbeiten in einer H\u00f6he von 15,50 m bis h\u00f6chstens 47 m.[\/vc_column_text][mk_button dimension=&#8220;outline&#8220; corner_style=&#8220;rounded&#8220; size=&#8220;medium&#8220; url=&#8220;\/wp-content\/uploads\/2016\/12\/03_03_navicelleabracciotelescopico.pdf&#8220; target=&#8220;_blank&#8220; nofollow=&#8220;true&#8220; align=&#8220;center&#8220;]Technisches Datenblatt[\/mk_button][\/mk_custom_box][\/vc_column_inner][\/vc_row_inner][vc_row_inner][vc_column_inner width=&#8220;1\/3&#8243;][mk_custom_box padding_vertical=&#8220;20&#8243; margin_bottom=&#8220;30&#8243; animation=&#8220;flip-x&#8220; bg_color=&#8220;#ffffff&#8220; background_hov_color_style=&#8220;image&#8220; bg_image_hov_effect=&#8220;grayscale&#8220;][mk_image src=&#8220;http:\/\/wordpress.p379882.webspaceconfig.de\/wp-content\/uploads\/2016\/11\/braccio-articolato-1.jpg&#8220; image_size=&#8220;full&#8220; lightbox=&#8220;true&#8220; align=&#8220;center&#8220; margin_bottom=&#8220;0&#8243;][mk_fancy_title color=&#8220;#222222&#8243; size=&#8220;20&#8243; font_weight=&#8220;400&#8243; margin_top=&#8220;20&#8243; margin_bottom=&#8220;0&#8243; font_family=&#8220;none&#8220; align=&#8220;center&#8220;]Arbeitsb\u00fchne mit Gelenkarm[\/mk_fancy_title][vc_column_text el_class=&#8220;desc-veicoli&#8220;]Diese Arbeitsb\u00fchnen erm\u00f6glichen die Durchf\u00fchrung von Arbeiten in einer H\u00f6he von 14,50 m bis h\u00f6chstens 17 m.[\/vc_column_text][mk_button dimension=&#8220;outline&#8220; corner_style=&#8220;rounded&#8220; size=&#8220;medium&#8220; url=&#8220;\/wp-content\/uploads\/2016\/12\/03_04_navicelleabraccioarticolato.pdf&#8220; target=&#8220;_blank&#8220; nofollow=&#8220;true&#8220; align=&#8220;center&#8220;]Technisches Datenblatt[\/mk_button][\/mk_custom_box][\/vc_column_inner][vc_column_inner width=&#8220;1\/3&#8243;][mk_custom_box padding_vertical=&#8220;20&#8243; margin_bottom=&#8220;30&#8243; animation=&#8220;flip-x&#8220; bg_color=&#8220;#ffffff&#8220; background_hov_color_style=&#8220;image&#8220; bg_image_hov_effect=&#8220;grayscale&#8220;][mk_image src=&#8220;http:\/\/wordpress.p379882.webspaceconfig.de\/wp-content\/uploads\/2016\/11\/navicelle-cingolate-articolate.jpg&#8220; image_size=&#8220;full&#8220; lightbox=&#8220;true&#8220; align=&#8220;center&#8220; margin_bottom=&#8220;0&#8243;][mk_fancy_title color=&#8220;#222222&#8243; size=&#8220;20&#8243; font_weight=&#8220;400&#8243; margin_top=&#8220;20&#8243; margin_bottom=&#8220;0&#8243; font_family=&#8220;none&#8220; align=&#8220;center&#8220;]Raupenarbeitsb\u00fchne[\/mk_fancy_title][vc_column_text el_class=&#8220;desc-veicoli&#8220;]Diese Arbeitsb\u00fchnen erm\u00f6glichen die Durchf\u00fchrung von Arbeiten in einer H\u00f6he von 13,50 m bis h\u00f6chstens 24 m.[\/vc_column_text][mk_button dimension=&#8220;outline&#8220; corner_style=&#8220;rounded&#8220; size=&#8220;medium&#8220; url=&#8220;\/wp-content\/uploads\/2016\/12\/03_05_navicellecingolate.pdf&#8220; target=&#8220;_blank&#8220; nofollow=&#8220;true&#8220; align=&#8220;center&#8220;]Technisches Datenblatt[\/mk_button][\/mk_custom_box][\/vc_column_inner][vc_column_inner width=&#8220;1\/3&#8243;][mk_custom_box padding_vertical=&#8220;20&#8243; margin_bottom=&#8220;30&#8243; animation=&#8220;flip-x&#8220; bg_color=&#8220;#ffffff&#8220; background_hov_color_style=&#8220;image&#8220; bg_image_hov_effect=&#8220;grayscale&#8220;][mk_image src=&#8220;http:\/\/wordpress.p379882.webspaceconfig.de\/wp-content\/uploads\/2016\/11\/navicelle-su-furgone.jpg&#8220; image_size=&#8220;full&#8220; lightbox=&#8220;true&#8220; align=&#8220;center&#8220; margin_bottom=&#8220;0&#8243;][mk_fancy_title color=&#8220;#222222&#8243; size=&#8220;20&#8243; font_weight=&#8220;400&#8243; margin_top=&#8220;20&#8243; margin_bottom=&#8220;0&#8243; font_family=&#8220;none&#8220; align=&#8220;center&#8220;]LKW-Arbeitsb\u00fchnen[\/mk_fancy_title][vc_column_text el_class=&#8220;desc-veicoli&#8220;]Diese Arbeitsb\u00fchnen k\u00f6nnen eine maximale Arbeitsh\u00f6he von 26&nbsp;m erreichen.[\/vc_column_text][mk_button dimension=&#8220;outline&#8220; corner_style=&#8220;rounded&#8220; size=&#8220;medium&#8220; url=&#8220;\/wp-content\/uploads\/2016\/12\/03_06_navicellesucamion.pdf&#8220; target=&#8220;_blank&#8220; nofollow=&#8220;true&#8220; align=&#8220;center&#8220;]Technisches Datenblatt[\/mk_button][\/mk_custom_box][\/vc_column_inner][\/vc_row_inner][mk_padding_divider size=&#8220;80&#8243; visibility=&#8220;hidden-sm&#8220;][mk_padding_divider size=&#8220;60&#8243; visibility=&#8220;visible-sm&#8220;][mk_padding_divider size=&#8220;150&#8243; visibility=&#8220;hidden-sm&#8220;][vc_row_inner visibility=&#8220;visible-sm&#8220;][vc_column_inner][mk_custom_sidebar sidebar=&#8220;sidebar-1&#8243;][\/vc_column_inner][\/vc_row_inner][\/vc_column][\/vc_row][mk_page_section bg_color=&#8220;#101010&#8243; has_top_shape_divider=&#8220;true&#8220; top_shape_size=&#8220;small&#8220; top_shape_color=&#8220;#eeeeee&#8220; top_shape_bg_color=&#8220;#101010&#8243; bottom_shape_color=&#8220;#ffffff&#8220; sidebar=&#8220;sidebar-1&#8243;][vc_column][mk_padding_divider size=&#8220;60&#8243; visibility=&#8220;visible-sm&#8220;][mk_padding_divider size=&#8220;60&#8243; visibility=&#8220;hidden-sm&#8220;][mk_fancy_title color=&#8220;#fbcf00&#8243; size=&#8220;54&#8243; force_font_size=&#8220;true&#8220; size_tablet=&#8220;50&#8243; size_phone=&#8220;30&#8243; font_weight=&#8220;bold&#8220; margin_bottom=&#8220;0&#8243; font_family=&#8220;none&#8220; align=&#8220;center&#8220;]Vermietung von Fahrzeugen[\/mk_fancy_title][mk_fancy_title color=&#8220;#fbcf00&#8243; size=&#8220;20&#8243; font_family=&#8220;none&#8220; align=&#8220;center&#8220;]Was ben\u00f6tigen Sie? Fordern Sie einen Kostenvoranschlag f\u00fcr die Vermietung an.[\/mk_fancy_title][mk_button dimension=&#8220;outline&#8220; corner_style=&#8220;rounded&#8220; size=&#8220;large&#8220; url=&#8220;\/de\/kontakte\/#contatti&#8220; align=&#8220;center&#8220; margin_top=&#8220;15&#8243; margin_right=&#8220;0&#8243; outline_skin=&#8220;custom&#8220; outline_active_color=&#8220;#fbcf00&#8243; outline_active_text_color=&#8220;#fbcf00&#8243; outline_hover_color=&#8220;#101010&#8243;]Fordern Sie Informationen an[\/mk_button][mk_padding_divider size=&#8220;150&#8243; visibility=&#8220;hidden-sm&#8220;][vc_column_text][\/vc_column_text][\/vc_column][\/mk_page_section]\n","protected":false},"excerpt":{"rendered":"<p>[mk_page_section bg_image=&#8220;http:\/\/wordpress.p379882.webspaceconfig.de\/wp-content\/uploads\/2016\/11\/testata-navicelle.jpg&#8220; bg_color=&#8220;#1c1c1f&#8220; bg_position=&#8220;center center&#8220; bg_repeat=&#8220;no-repeat&#8220; bg_stretch=&#8220;true&#8220; enable_3d=&#8220;true&#8220; video_color_mask=&#8220;#000000&#8243; min_height=&#8220;500&#8243; js_vertical_centered=&#8220;true&#8220; sidebar=&#8220;sidebar-1&#8243;][vc_column][mk_fancy_title color=&#8220;#ffffff&#8220; size=&#8220;78&#8243; force_font_size=&#8220;true&#8220; size_tablet=&#8220;50&#8243; font_weight=&#8220;bold&#8220; txt_transform=&#8220;uppercase&#8220; letter_spacing=&#8220;10&#8243; margin_bottom=&#8220;0&#8243; font_family=&#8220;none&#8220; align=&#8220;center&#8220;]Vermietung von Arbeitsb\u00fchnen[\/mk_fancy_title][\/vc_column][\/mk_page_section][vc_row][vc_column][mk_padding_divider size=&#8220;60&#8243; visibility=&#8220;visible-sm&#8220;][mk_padding_divider size=&#8220;150&#8243; visibility=&#8220;hidden-sm&#8220;][\/vc_column][\/vc_row][mk_page_section section_layout=&#8220;right&#8220; el_class=&#8220;menu-hide&#8220; sidebar=&#8220;sidebar-1&#8243;][vc_column][vc_row_inner][vc_column_inner][vc_column_text disable_pattern=&#8220;false&#8220;]Unsere Arbeitsb\u00fchnen k\u00f6nnen sowohl im Innenbereich als auch im Aussenbereich eingesetzt werden, da wir \u00fcber verschiedene Arten verf\u00fcgen, die sowohl elektrisch als auch mit [&hellip;]<\/p>\n","protected":false},"author":2,"featured_media":0,"parent":8593,"menu_order":0,"comment_status":"closed","ping_status":"closed","template":"","meta":[],"yoast_head":"<!-- This site is optimized with the Yoast SEO plugin v19.9 - https:\/\/yoast.com\/wordpress\/plugins\/seo\/ -->\n<title>Vermietung von Arbeitsb\u00fchnen | Schweiz | Sabesa SA<\/title>\n<meta name=\"description\" content=\"Unsere Arbeitsb\u00fchnen k\u00f6nnen sowohl im Innenbereich als auch im Aussenbereich eingesetzt werden, da wir \u00fcber verschiedene Arten verf\u00fcgen, die sowohl elektrisch als auch mit Dieselkraftstoff betrieben werden. Dies erm\u00f6glicht es uns, dem Kunden das Modell zur Verf\u00fcgung zu stellen, das f\u00fcr die Art der Arbeit, die er durchf\u00fchren muss, am besten geeignet ist.\" \/>\n<meta name=\"robots\" content=\"index, follow, max-snippet:-1, max-image-preview:large, max-video-preview:-1\" \/>\n<link rel=\"canonical\" href=\"https:\/\/www.sabesa.ch\/de\/taetigkeit-ihr-partner-all-inclusive\/vermietung-von-arbeitsbuehnen-schweiz\/\" \/>\n<meta property=\"og:locale\" content=\"de_DE\" \/>\n<meta property=\"og:type\" content=\"article\" \/>\n<meta property=\"og:title\" content=\"Vermietung von Arbeitsb\u00fchnen | Schweiz | Sabesa SA\" \/>\n<meta property=\"og:description\" content=\"Unsere Arbeitsb\u00fchnen k\u00f6nnen sowohl im Innenbereich als auch im Aussenbereich eingesetzt werden, da wir \u00fcber verschiedene Arten verf\u00fcgen, die sowohl elektrisch als auch mit Dieselkraftstoff betrieben werden. Dies erm\u00f6glicht es uns, dem Kunden das Modell zur Verf\u00fcgung zu stellen, das f\u00fcr die Art der Arbeit, die er durchf\u00fchren muss, am besten geeignet ist.\" \/>\n<meta property=\"og:url\" content=\"https:\/\/www.sabesa.ch\/de\/taetigkeit-ihr-partner-all-inclusive\/vermietung-von-arbeitsbuehnen-schweiz\/\" \/>\n<meta property=\"og:site_name\" content=\"Sabesa SA\" \/>\n<meta property=\"article:publisher\" content=\"https:\/\/www.facebook.com\/sabesa.SA\/?fref=ts\" \/>\n<meta property=\"article:modified_time\" content=\"2022-10-03T13:16:18+00:00\" \/>\n<meta name=\"twitter:card\" content=\"summary_large_image\" \/>\n<meta name=\"twitter:label1\" content=\"Gesch\u00e4tzte Lesezeit\" \/>\n\t<meta name=\"twitter:data1\" content=\"3\u00a0Minuten\" \/>\n<script type=\"application\/ld+json\" class=\"yoast-schema-graph\">{\"@context\":\"https:\/\/schema.org\",\"@graph\":[{\"@type\":\"WebPage\",\"@id\":\"https:\/\/www.sabesa.ch\/de\/taetigkeit-ihr-partner-all-inclusive\/vermietung-von-arbeitsbuehnen-schweiz\/\",\"url\":\"https:\/\/www.sabesa.ch\/de\/taetigkeit-ihr-partner-all-inclusive\/vermietung-von-arbeitsbuehnen-schweiz\/\",\"name\":\"Vermietung von Arbeitsb\u00fchnen | Schweiz | Sabesa SA\",\"isPartOf\":{\"@id\":\"https:\/\/www.sabesa.ch\/#website\"},\"datePublished\":\"2019-10-02T07:41:36+00:00\",\"dateModified\":\"2022-10-03T13:16:18+00:00\",\"description\":\"Unsere Arbeitsb\u00fchnen k\u00f6nnen sowohl im Innenbereich als auch im Aussenbereich eingesetzt werden, da wir \u00fcber verschiedene Arten verf\u00fcgen, die sowohl elektrisch als auch mit Dieselkraftstoff betrieben werden. Dies erm\u00f6glicht es uns, dem Kunden das Modell zur Verf\u00fcgung zu stellen, das f\u00fcr die Art der Arbeit, die er durchf\u00fchren muss, am besten geeignet ist.\",\"breadcrumb\":{\"@id\":\"https:\/\/www.sabesa.ch\/de\/taetigkeit-ihr-partner-all-inclusive\/vermietung-von-arbeitsbuehnen-schweiz\/#breadcrumb\"},\"inLanguage\":\"de\",\"potentialAction\":[{\"@type\":\"ReadAction\",\"target\":[\"https:\/\/www.sabesa.ch\/de\/taetigkeit-ihr-partner-all-inclusive\/vermietung-von-arbeitsbuehnen-schweiz\/\"]}]},{\"@type\":\"BreadcrumbList\",\"@id\":\"https:\/\/www.sabesa.ch\/de\/taetigkeit-ihr-partner-all-inclusive\/vermietung-von-arbeitsbuehnen-schweiz\/#breadcrumb\",\"itemListElement\":[{\"@type\":\"ListItem\",\"position\":1,\"name\":\"Home\",\"item\":\"https:\/\/www.sabesa.ch\/de\/\"},{\"@type\":\"ListItem\",\"position\":2,\"name\":\"Taetigkeit\",\"item\":\"https:\/\/www.sabesa.ch\/de\/taetigkeit-ihr-partner-all-inclusive\/\"},{\"@type\":\"ListItem\",\"position\":3,\"name\":\"Vermietung von Arbeitsb\u00fchnen\"}]},{\"@type\":\"WebSite\",\"@id\":\"https:\/\/www.sabesa.ch\/#website\",\"url\":\"https:\/\/www.sabesa.ch\/\",\"name\":\"Sabesa SA\",\"description\":\"Trasportiamo soluzioni - trasporti eccezionali Ticino\",\"publisher\":{\"@id\":\"https:\/\/www.sabesa.ch\/#organization\"},\"potentialAction\":[{\"@type\":\"SearchAction\",\"target\":{\"@type\":\"EntryPoint\",\"urlTemplate\":\"https:\/\/www.sabesa.ch\/?s={search_term_string}\"},\"query-input\":\"required name=search_term_string\"}],\"inLanguage\":\"de\"},{\"@type\":\"Organization\",\"@id\":\"https:\/\/www.sabesa.ch\/#organization\",\"name\":\"Sabesa SA\",\"alternateName\":\"Trasporti eccezionali, noleggio autogru e navicelle\",\"url\":\"https:\/\/www.sabesa.ch\/\",\"logo\":{\"@type\":\"ImageObject\",\"inLanguage\":\"de\",\"@id\":\"https:\/\/www.sabesa.ch\/#\/schema\/logo\/image\/\",\"url\":\"https:\/\/www.sabesa.ch\/wp-content\/uploads\/2016\/10\/logo-sabesa-small.png\",\"contentUrl\":\"https:\/\/www.sabesa.ch\/wp-content\/uploads\/2016\/10\/logo-sabesa-small.png\",\"width\":137,\"height\":58,\"caption\":\"Sabesa SA\"},\"image\":{\"@id\":\"https:\/\/www.sabesa.ch\/#\/schema\/logo\/image\/\"},\"sameAs\":[\"https:\/\/www.youtube.com\/channel\/UCq9eXNGI3lx4qvs01rUZAwQ\",\"https:\/\/www.facebook.com\/sabesa.SA\/?fref=ts\"]}]}<\/script>\n<!-- \/ Yoast SEO plugin. -->","yoast_head_json":{"title":"Vermietung von Arbeitsb\u00fchnen | Schweiz | Sabesa SA","description":"Unsere Arbeitsb\u00fchnen k\u00f6nnen sowohl im Innenbereich als auch im Aussenbereich eingesetzt werden, da wir \u00fcber verschiedene Arten verf\u00fcgen, die sowohl elektrisch als auch mit Dieselkraftstoff betrieben werden. Dies erm\u00f6glicht es uns, dem Kunden das Modell zur Verf\u00fcgung zu stellen, das f\u00fcr die Art der Arbeit, die er durchf\u00fchren muss, am besten geeignet ist.","robots":{"index":"index","follow":"follow","max-snippet":"max-snippet:-1","max-image-preview":"max-image-preview:large","max-video-preview":"max-video-preview:-1"},"canonical":"https:\/\/www.sabesa.ch\/de\/taetigkeit-ihr-partner-all-inclusive\/vermietung-von-arbeitsbuehnen-schweiz\/","og_locale":"de_DE","og_type":"article","og_title":"Vermietung von Arbeitsb\u00fchnen | Schweiz | Sabesa SA","og_description":"Unsere Arbeitsb\u00fchnen k\u00f6nnen sowohl im Innenbereich als auch im Aussenbereich eingesetzt werden, da wir \u00fcber verschiedene Arten verf\u00fcgen, die sowohl elektrisch als auch mit Dieselkraftstoff betrieben werden. Dies erm\u00f6glicht es uns, dem Kunden das Modell zur Verf\u00fcgung zu stellen, das f\u00fcr die Art der Arbeit, die er durchf\u00fchren muss, am besten geeignet ist.","og_url":"https:\/\/www.sabesa.ch\/de\/taetigkeit-ihr-partner-all-inclusive\/vermietung-von-arbeitsbuehnen-schweiz\/","og_site_name":"Sabesa SA","article_publisher":"https:\/\/www.facebook.com\/sabesa.SA\/?fref=ts","article_modified_time":"2022-10-03T13:16:18+00:00","twitter_card":"summary_large_image","twitter_misc":{"Gesch\u00e4tzte Lesezeit":"3\u00a0Minuten"},"schema":{"@context":"https:\/\/schema.org","@graph":[{"@type":"WebPage","@id":"https:\/\/www.sabesa.ch\/de\/taetigkeit-ihr-partner-all-inclusive\/vermietung-von-arbeitsbuehnen-schweiz\/","url":"https:\/\/www.sabesa.ch\/de\/taetigkeit-ihr-partner-all-inclusive\/vermietung-von-arbeitsbuehnen-schweiz\/","name":"Vermietung von Arbeitsb\u00fchnen | Schweiz | Sabesa SA","isPartOf":{"@id":"https:\/\/www.sabesa.ch\/#website"},"datePublished":"2019-10-02T07:41:36+00:00","dateModified":"2022-10-03T13:16:18+00:00","description":"Unsere Arbeitsb\u00fchnen k\u00f6nnen sowohl im Innenbereich als auch im Aussenbereich eingesetzt werden, da wir \u00fcber verschiedene Arten verf\u00fcgen, die sowohl elektrisch als auch mit Dieselkraftstoff betrieben werden. Dies erm\u00f6glicht es uns, dem Kunden das Modell zur Verf\u00fcgung zu stellen, das f\u00fcr die Art der Arbeit, die er durchf\u00fchren muss, am besten geeignet ist.","breadcrumb":{"@id":"https:\/\/www.sabesa.ch\/de\/taetigkeit-ihr-partner-all-inclusive\/vermietung-von-arbeitsbuehnen-schweiz\/#breadcrumb"},"inLanguage":"de","potentialAction":[{"@type":"ReadAction","target":["https:\/\/www.sabesa.ch\/de\/taetigkeit-ihr-partner-all-inclusive\/vermietung-von-arbeitsbuehnen-schweiz\/"]}]},{"@type":"BreadcrumbList","@id":"https:\/\/www.sabesa.ch\/de\/taetigkeit-ihr-partner-all-inclusive\/vermietung-von-arbeitsbuehnen-schweiz\/#breadcrumb","itemListElement":[{"@type":"ListItem","position":1,"name":"Home","item":"https:\/\/www.sabesa.ch\/de\/"},{"@type":"ListItem","position":2,"name":"Taetigkeit","item":"https:\/\/www.sabesa.ch\/de\/taetigkeit-ihr-partner-all-inclusive\/"},{"@type":"ListItem","position":3,"name":"Vermietung von Arbeitsb\u00fchnen"}]},{"@type":"WebSite","@id":"https:\/\/www.sabesa.ch\/#website","url":"https:\/\/www.sabesa.ch\/","name":"Sabesa SA","description":"Trasportiamo soluzioni - trasporti eccezionali Ticino","publisher":{"@id":"https:\/\/www.sabesa.ch\/#organization"},"potentialAction":[{"@type":"SearchAction","target":{"@type":"EntryPoint","urlTemplate":"https:\/\/www.sabesa.ch\/?s={search_term_string}"},"query-input":"required name=search_term_string"}],"inLanguage":"de"},{"@type":"Organization","@id":"https:\/\/www.sabesa.ch\/#organization","name":"Sabesa SA","alternateName":"Trasporti eccezionali, noleggio autogru e navicelle","url":"https:\/\/www.sabesa.ch\/","logo":{"@type":"ImageObject","inLanguage":"de","@id":"https:\/\/www.sabesa.ch\/#\/schema\/logo\/image\/","url":"https:\/\/www.sabesa.ch\/wp-content\/uploads\/2016\/10\/logo-sabesa-small.png","contentUrl":"https:\/\/www.sabesa.ch\/wp-content\/uploads\/2016\/10\/logo-sabesa-small.png","width":137,"height":58,"caption":"Sabesa SA"},"image":{"@id":"https:\/\/www.sabesa.ch\/#\/schema\/logo\/image\/"},"sameAs":["https:\/\/www.youtube.com\/channel\/UCq9eXNGI3lx4qvs01rUZAwQ","https:\/\/www.facebook.com\/sabesa.SA\/?fref=ts"]}]}},"_links":{"self":[{"href":"https:\/\/www.sabesa.ch\/de\/wp-json\/wp\/v2\/pages\/8876"}],"collection":[{"href":"https:\/\/www.sabesa.ch\/de\/wp-json\/wp\/v2\/pages"}],"about":[{"href":"https:\/\/www.sabesa.ch\/de\/wp-json\/wp\/v2\/types\/page"}],"author":[{"embeddable":true,"href":"https:\/\/www.sabesa.ch\/de\/wp-json\/wp\/v2\/users\/2"}],"replies":[{"embeddable":true,"href":"https:\/\/www.sabesa.ch\/de\/wp-json\/wp\/v2\/comments?post=8876"}],"version-history":[{"count":2,"href":"https:\/\/www.sabesa.ch\/de\/wp-json\/wp\/v2\/pages\/8876\/revisions"}],"predecessor-version":[{"id":8998,"href":"https:\/\/www.sabesa.ch\/de\/wp-json\/wp\/v2\/pages\/8876\/revisions\/8998"}],"up":[{"embeddable":true,"href":"https:\/\/www.sabesa.ch\/de\/wp-json\/wp\/v2\/pages\/8593"}],"wp:attachment":[{"href":"https:\/\/www.sabesa.ch\/de\/wp-json\/wp\/v2\/media?parent=8876"}],"curies":[{"name":"wp","href":"https:\/\/api.w.org\/{rel}","templated":true}]}}